{"id":33096,"date":"2025-07-15T17:03:01","date_gmt":"2025-07-15T15:03:01","guid":{"rendered":"https:\/\/locking.lander-desarrollo.es\/lockers-madrid\/"},"modified":"2025-11-17T11:12:27","modified_gmt":"2025-11-17T10:12:27","slug":"lockers-madrid","status":"publish","type":"page","link":"https:\/\/locking.es\/pt-pt\/lockers-madrid\/","title":{"rendered":"Lockers Madrid"},"content":{"rendered":"\t\t<div data-elementor-type=\"wp-page\" data-elementor-id=\"33096\" class=\"elementor elementor-33096 elementor-28412\">\n\t\t\t\t<div class=\"elementor-element elementor-element-779aeb8 e-con-full c_row_gap_10 e-flex e-con e-parent\" data-id=\"779aeb8\" data-element_type=\"container\" data-e-type=\"container\" data-settings=\"{&quot;background_background&quot;:&quot;classic&quot;}\">\n\t\t<div class=\"elementor-element elementor-element-fe4aad1 e-con-full e-flex e-con e-child\" data-id=\"fe4aad1\" data-element_type=\"container\" data-e-type=\"container\" data-settings=\"{&quot;background_background&quot;:&quot;classic&quot;}\">\n\t\t\t\t<div class=\"elementor-element elementor-element-14adde2 elementor-widget elementor-widget-text-editor\" data-id=\"14adde2\" data-element_type=\"widget\" data-e-type=\"widget\" data-settings=\"{&quot;ekit_we_effect_on&quot;:&quot;none&quot;}\" data-widget_type=\"text-editor.default\">\n\t\t\t\t<div class=\"elementor-widget-container\">\n\t\t\t\t\t\t\t\t\t<h3 class=\"text_white\"><strong>LOCKERS EN MADRID<\/strong><\/h3>\t\t\t\t\t\t\t\t<\/div>\n\t\t\t\t<\/div>\n\t\t\t\t<\/div>\n\t\t\t\t<\/div>\n\t\t<div class=\"elementor-element elementor-element-266cd18 e-con-full e-flex e-con e-parent\" data-id=\"266cd18\" data-element_type=\"container\" data-e-type=\"container\">\n\t\t<div class=\"elementor-element elementor-element-b0de592 e-con-full e-flex e-con e-child\" data-id=\"b0de592\" data-element_type=\"container\" data-e-type=\"container\">\n\t\t\t\t<div class=\"elementor-element elementor-element-49ead4c elementor-widget elementor-widget-text-editor\" data-id=\"49ead4c\" data-element_type=\"widget\" data-e-type=\"widget\" data-settings=\"{&quot;ekit_we_effect_on&quot;:&quot;none&quot;}\" data-widget_type=\"text-editor.default\">\n\t\t\t\t<div class=\"elementor-widget-container\">\n\t\t\t\t\t\t\t\t\t<h3>Solu\u00e7\u00f5es seguras e econ\u00f3micas<\/h3><p>Madrid oferece diversas op\u00e7\u00f5es para guardar malas de forma segura e confort\u00e1vel. Os cacifos e dep\u00f3sitos de bagagem permitem aos viajantes desfrutar da cidade sem o fardo dos seus pertences. Estes servi\u00e7os s\u00e3o ideais para quem chega antes do check-in ou tem algumas horas livres antes de partir.   Com v\u00e1rias localiza\u00e7\u00f5es e tipos de armazenamento dispon\u00edveis, \u00e9 pr\u00e1tico para maximizar o tempo na capital.<\/p>\t\t\t\t\t\t\t\t<\/div>\n\t\t\t\t<\/div>\n\t\t\t\t<\/div>\n\t\t\t\t<\/div>\n\t\t<div class=\"elementor-element elementor-element-066f11a hidde_mobile e-flex e-con-boxed e-con e-parent\" data-id=\"066f11a\" data-element_type=\"container\" data-e-type=\"container\">\n\t\t\t\t\t<div class=\"e-con-inner\">\n\t\t<div class=\"elementor-element elementor-element-c94aafc e-grid e-con-full e-con e-child\" data-id=\"c94aafc\" data-element_type=\"container\" data-e-type=\"container\">\n\t\t<div class=\"elementor-element elementor-element-e73fd01 e-con-full e-flex e-con e-child\" data-id=\"e73fd01\" data-element_type=\"container\" data-e-type=\"container\">\n\t\t\t\t<div class=\"elementor-element elementor-element-f35a791 c_title_where elementor-widget elementor-widget-heading\" data-id=\"f35a791\" data-element_type=\"widget\" data-e-type=\"widget\" data-settings=\"{&quot;ekit_we_effect_on&quot;:&quot;none&quot;}\" data-widget_type=\"heading.default\">\n\t\t\t\t<div class=\"elementor-widget-container\">\n\t\t\t\t\t<p class=\"elementor-heading-title elementor-size-default\"><a href=\"https:\/\/madrid-chueca.locking.es\/booking-engine?locker_ref=LOCKING1&#038;locale=pt\" target=\"_blank\">Madrid - Chueca<\/a><\/p>\t\t\t\t<\/div>\n\t\t\t\t<\/div>\n\t\t\t\t<div class=\"elementor-element elementor-element-26f1bbb c_equal_height elementor-widget elementor-widget-text-editor\" data-id=\"26f1bbb\" data-element_type=\"widget\" data-e-type=\"widget\" data-settings=\"{&quot;ekit_we_effect_on&quot;:&quot;none&quot;}\" data-widget_type=\"text-editor.default\">\n\t\t\t\t<div class=\"elementor-widget-container\">\n\t\t\t\t\t\t\t\t\t<h5><a href=\"https:\/\/madrid-chueca.locking.es\/booking-engine?locker_ref=LOCKING1&amp;locale=pt\" target=\"_blank\" rel=\"noopener\"><strong>Rua Hortaleza 15<\/strong><\/a><\/h5><p><a href=\"https:\/\/madrid-chueca.locking.es\/booking-engine?locker_ref=LOCKING1&amp;locale=pt\" target=\"_blank\" rel=\"noopener\">Chueca, Gran V\u00eda, Callao, Alcal\u00e1, Cibeles, Fuencarral, Montera, Banco de Espa\u00f1a, Casino de Gran V\u00eda, Primark Gran V\u00eda<\/a><\/p>\t\t\t\t\t\t\t\t<\/div>\n\t\t\t\t<\/div>\n\t\t\t\t<div class=\"elementor-element elementor-element-11b36c8 elementor-widget elementor-widget-html\" data-id=\"11b36c8\" data-element_type=\"widget\" data-e-type=\"widget\" data-settings=\"{&quot;ekit_we_effect_on&quot;:&quot;none&quot;}\" data-widget_type=\"html.default\">\n\t\t\t\t<div class=\"elementor-widget-container\">\n\t\t\t\t\t<iframe src=\"https:\/\/www.google.com\/maps\/embed?pb=!1m14!1m8!1m3!1d6074.801270404155!2d-3.700520001797289!3d40.422126792392035!3m2!1i1024!2i768!4f13.1!3m3!1m2!1s0xd42290ef6b30839%3A0xf3df8b0499d5e772!2sCONSIGNAS%2024H%20-%20LOCKERS%20MADRID%20-%20GUARDAR%20MALETAS%20-%20EQUIPAJES%20-%20LOCKING%20MADRID%20HORTALEZA!5e0!3m2!1ses!2ses!4v1752666304789!5m2!1ses!2ses\" width=\"100%\" height=\"500px\" style=\"border:0; position:relative\" allowfullscreen=\"\" loading=\"lazy\" referrerpolicy=\"no-referrer-when-downgrade\"><\/iframe>\t\t\t\t<\/div>\n\t\t\t\t<\/div>\n\t\t\t\t<div class=\"elementor-element elementor-element-61478db elementor-align-center elementor-widget elementor-widget-button\" data-id=\"61478db\" data-element_type=\"widget\" data-e-type=\"widget\" data-settings=\"{&quot;ekit_we_effect_on&quot;:&quot;none&quot;}\" data-widget_type=\"button.default\">\n\t\t\t\t<div class=\"elementor-widget-container\">\n\t\t\t\t\t\t\t\t\t<div class=\"elementor-button-wrapper\">\n\t\t\t\t\t<a class=\"elementor-button elementor-button-link elementor-size-sm\" href=\"https:\/\/madrid-chueca.locking.es\/booking-engine?locker_ref=LOCKING1&#038;locale=pt\" target=\"_blank\">\n\t\t\t\t\t\t<span class=\"elementor-button-content-wrapper\">\n\t\t\t\t\t\t\t\t\t<span class=\"elementor-button-text\">RESERVA<\/span>\n\t\t\t\t\t<\/span>\n\t\t\t\t\t<\/a>\n\t\t\t\t<\/div>\n\t\t\t\t\t\t\t\t<\/div>\n\t\t\t\t<\/div>\n\t\t\t\t<\/div>\n\t\t<div class=\"elementor-element elementor-element-f4375d1 e-con-full e-flex e-con e-child\" data-id=\"f4375d1\" data-element_type=\"container\" data-e-type=\"container\">\n\t\t\t\t<div class=\"elementor-element elementor-element-7451398 c_title_where elementor-widget elementor-widget-heading\" data-id=\"7451398\" data-element_type=\"widget\" data-e-type=\"widget\" data-settings=\"{&quot;ekit_we_effect_on&quot;:&quot;none&quot;}\" data-widget_type=\"heading.default\">\n\t\t\t\t<div class=\"elementor-widget-container\">\n\t\t\t\t\t<p class=\"elementor-heading-title elementor-size-default\"><a href=\"https:\/\/madrid-la-latina.locking.es\/booking-engine?locker_ref=LOCKING3&#038;locale=pt\" target=\"_blank\">Madrid - La Latina<\/a><\/p>\t\t\t\t<\/div>\n\t\t\t\t<\/div>\n\t\t\t\t<div class=\"elementor-element elementor-element-0e7d527 c_equal_height elementor-widget elementor-widget-text-editor\" data-id=\"0e7d527\" data-element_type=\"widget\" data-e-type=\"widget\" data-settings=\"{&quot;ekit_we_effect_on&quot;:&quot;none&quot;}\" data-widget_type=\"text-editor.default\">\n\t\t\t\t<div class=\"elementor-widget-container\">\n\t\t\t\t\t\t\t\t\t<h5><a href=\"https:\/\/madrid-la-latina.locking.es\/booking-engine?locker_ref=LOCKING3&amp;locale=pt\" target=\"_blank\" rel=\"noopener\">Pra\u00e7a de Puerta Cerrada, 13 <\/a><\/h5><p><a href=\"https:\/\/madrid-la-latina.locking.es\/booking-engine?locker_ref=LOCKING3&amp;locale=pt\" target=\"_blank\" rel=\"noopener\">Plaza Mayor, Pal\u00e1cio Real, Mercado de San Miguel, Rastro Madrid, Catedral de la Almudena, Restaurante Botin, Cava Baja, Casa Lucio, Mercado de la Cebada<\/a><\/p>\t\t\t\t\t\t\t\t<\/div>\n\t\t\t\t<\/div>\n\t\t\t\t<div class=\"elementor-element elementor-element-e9314b7 elementor-widget elementor-widget-html\" data-id=\"e9314b7\" data-element_type=\"widget\" data-e-type=\"widget\" data-settings=\"{&quot;ekit_we_effect_on&quot;:&quot;none&quot;}\" data-widget_type=\"html.default\">\n\t\t\t\t<div class=\"elementor-widget-container\">\n\t\t\t\t\t<iframe src=\"https:\/\/www.google.com\/maps\/embed?pb=!1m18!1m12!1m3!1d3037.7731394694993!2d-3.7083411999999996!3d40.4138762!2m3!1f0!2f0!3f0!3m2!1i1024!2i768!4f13.1!3m3!1m2!1s0xd42290ee3b68f43%3A0xb1df64267ba89d29!2sCONSIGNAS%2024H%20-%20LOCKERS%20MADRID%20-%20GUARDAR%20MALETAS%20-%20EQUIPAJES%20-%20LOCKING%20MADRID%20LA%20LATINA!5e0!3m2!1ses!2ses!4v1743774215945!5m2!1ses!2ses\" width=\"100%\" height=\"500px\" style=\"border:0; position:relative\" allowfullscreen=\"\" loading=\"lazy\" referrerpolicy=\"no-referrer-when-downgrade\"><\/iframe>\t\t\t\t<\/div>\n\t\t\t\t<\/div>\n\t\t\t\t<div class=\"elementor-element elementor-element-22b59c6 elementor-align-center elementor-widget elementor-widget-button\" data-id=\"22b59c6\" data-element_type=\"widget\" data-e-type=\"widget\" data-settings=\"{&quot;ekit_we_effect_on&quot;:&quot;none&quot;}\" data-widget_type=\"button.default\">\n\t\t\t\t<div class=\"elementor-widget-container\">\n\t\t\t\t\t\t\t\t\t<div class=\"elementor-button-wrapper\">\n\t\t\t\t\t<a class=\"elementor-button elementor-button-link elementor-size-sm\" href=\"https:\/\/madrid-la-latina.locking.es\/booking-engine?locker_ref=LOCKING3&#038;locale=pt\" target=\"_blank\">\n\t\t\t\t\t\t<span class=\"elementor-button-content-wrapper\">\n\t\t\t\t\t\t\t\t\t<span class=\"elementor-button-text\">RESERVA<\/span>\n\t\t\t\t\t<\/span>\n\t\t\t\t\t<\/a>\n\t\t\t\t<\/div>\n\t\t\t\t\t\t\t\t<\/div>\n\t\t\t\t<\/div>\n\t\t\t\t<\/div>\n\t\t\t\t<\/div>\n\t\t\t\t\t<\/div>\n\t\t\t\t<\/div>\n\t\t<div class=\"elementor-element elementor-element-dfeda72 show_mobile e-flex e-con-boxed e-con e-parent\" data-id=\"dfeda72\" data-element_type=\"container\" data-e-type=\"container\">\n\t\t\t\t\t<div class=\"e-con-inner\">\n\t\t\t\t<div class=\"elementor-element elementor-element-98be876 elementor-widget elementor-widget-html\" data-id=\"98be876\" data-element_type=\"widget\" data-e-type=\"widget\" data-settings=\"{&quot;ekit_we_effect_on&quot;:&quot;none&quot;}\" data-widget_type=\"html.default\">\n\t\t\t\t<div class=\"elementor-widget-container\">\n\t\t\t\t\t<div id=\"slider_container_2\">\n\t<div id=\"c_prevSlideLocations\" class=\"no-visible\"><a href=\"#\" id=\"prevSlideLocations\" alt=\"Anterior\" class=\"prev nextSlide\" data-controls=\"prev\" aria-controls=\"customize\" tabindex=\"-1\"><img decoding=\"async\" src=\"\/wp-content\/uploads\/2025\/07\/arrow_prev.png\"><\/a><\/div>\n\t<div id=\"c_nextSlideLocations\"><a href=\"#\" id=\"nextSlideLocations\" alt=\"Seguindo\" class=\"next prevSlide\" data-controls=\"next\" aria-controls=\"customize\" tabindex=\"-1\"><img decoding=\"async\" src=\"\/wp-content\/uploads\/2025\/07\/arrow_next.png\"><\/a><\/div>\n\t<div class=\"location-slider\">\n\t\t<div class=\"item-location\">\n\t\t\t<div>\n\t\t\t\t<p><a href=\"https:\/\/madrid-chueca.locking.es\/booking-engine?locker_ref=LOCKING1&locale=pt\">Madrid - Chueca<\/a><\/p>\n\t\t\t\t<p><a href=\"https:\/\/madrid-chueca.locking.es\/booking-engine?locker_ref=LOCKING1&locale=pt\">Rua Hortaleza 15<\/a><\/p>\n\t\t\t\t<p><a href=\"https:\/\/madrid-chueca.locking.es\/booking-engine?locker_ref=LOCKING1&locale=pt\">Chueca, Gran V\u00eda, Callao, Alcal\u00e1, Cibeles, Fuencarral, Montera, Banco de Espa\u00f1a, Casino de Gran V\u00eda, Primark Gran V\u00eda<\/a><\/p>\n\t\t\t\t<p><iframe src=\"https:\/\/www.google.com\/maps\/embed?pb=!1m14!1m8!1m3!1d6074.801270404155!2d-3.700520001797289!3d40.422126792392035!3m2!1i1024!2i768!4f13.1!3m3!1m2!1s0xd42290ef6b30839%3A0xf3df8b0499d5e772!2sCONSIGNAS%2024H%20-%20LOCKERS%20MADRID%20-%20GUARDAR%20MALETAS%20-%20EQUIPAJES%20-%20LOCKING%20MADRID%20HORTALEZA!5e0!3m2!1ses!2ses!4v1752666304789!5m2!1ses!2ses\" width=\"100%\" height=\"300px\" style=\"border:0; position:relative\" allowfullscreen=\"\" loading=\"lazy\" referrerpolicy=\"no-referrer-when-downgrade\"><\/iframe><\/p>\n\t\t\t\t<p><a href=\"https:\/\/madrid-chueca.locking.es\/booking-engine?locker_ref=LOCKING1&locale=pt\">RESERVA<\/a><\/p>\n\t\t\t<\/div>\n\t\t<\/div>\n\t\t<div class=\"item-location\">\n\t\t\t<div>\n\t\t\t\t<p><a href=\"https:\/\/madrid-la-latina.locking.es\/booking-engine?locker_ref=LOCKING3&locale=pt\">Madrid - La Latina<\/a><\/p>\n\t\t\t\t<p><a href=\"https:\/\/madrid-la-latina.locking.es\/booking-engine?locker_ref=LOCKING3&locale=pt\">Pra\u00e7a de Puerta Cerrada, 13 <\/a><\/p>\n\t\t\t\t<p><a href=\"https:\/\/madrid-la-latina.locking.es\/booking-engine?locker_ref=LOCKING3&locale=pt\">Plaza Mayor, Pal\u00e1cio Real, Mercado de San Miguel, Rastro Madrid, Catedral de la Almudena, Restaurante Botin, Cava Baja, Casa Lucio, Mercado de la Cebada<\/a><\/p>\n\t\t\t\t<p><iframe src=\"https:\/\/www.google.com\/maps\/embed?pb=!1m18!1m12!1m3!1d3037.7731394694993!2d-3.7083411999999996!3d40.4138762!2m3!1f0!2f0!3f0!3m2!1i1024!2i768!4f13.1!3m3!1m2!1s0xd42290ee3b68f43%3A0xb1df64267ba89d29!2sCONSIGNAS%2024H%20-%20LOCKERS%20MADRID%20-%20GUARDAR%20MALETAS%20-%20EQUIPAJES%20-%20LOCKING%20MADRID%20LA%20LATINA!5e0!3m2!1ses!2ses!4v1743774215945!5m2!1ses!2ses\" width=\"100%\" height=\"300px\" style=\"border:0; position:relative\" allowfullscreen=\"\" loading=\"lazy\" referrerpolicy=\"no-referrer-when-downgrade\"><\/iframe><\/p>\n\t\t\t\t<p><a href=\"https:\/\/madrid-la-latina.locking.es\/booking-engine?locker_ref=LOCKING3&locale=pt\">RESERVA<\/a><\/p>\n\t\t\t<\/div>\n\t\t\n\t\t<\/div>\n\t<\/div>\n<\/div>\n\t\t\t\t<\/div>\n\t\t\t\t<\/div>\n\t\t\t\t\t<\/div>\n\t\t\t\t<\/div>\n\t\t<div class=\"elementor-element elementor-element-8bf24e2 hidde_mobile e-flex e-con-boxed e-con e-parent\" data-id=\"8bf24e2\" data-element_type=\"container\" data-e-type=\"container\">\n\t\t\t\t\t<div class=\"e-con-inner\">\n\t\t<div class=\"elementor-element elementor-element-0aecf58 e-grid e-con-full e-con e-child\" data-id=\"0aecf58\" data-element_type=\"container\" data-e-type=\"container\">\n\t\t<div class=\"elementor-element elementor-element-3e0e52d e-con-full e-flex e-con e-child\" data-id=\"3e0e52d\" data-element_type=\"container\" data-e-type=\"container\">\n\t\t\t\t<div class=\"elementor-element elementor-element-f6de889 elementor-widget elementor-widget-heading\" data-id=\"f6de889\" data-element_type=\"widget\" data-e-type=\"widget\" data-settings=\"{&quot;ekit_we_effect_on&quot;:&quot;none&quot;}\" data-widget_type=\"heading.default\">\n\t\t\t\t<div class=\"elementor-widget-container\">\n\t\t\t\t\t<p class=\"elementor-heading-title elementor-size-default\">TAMANHO M<\/p>\t\t\t\t<\/div>\n\t\t\t\t<\/div>\n\t\t\t\t<div class=\"elementor-element elementor-element-3689eee elementor-widget elementor-widget-image\" data-id=\"3689eee\" data-element_type=\"widget\" data-e-type=\"widget\" data-settings=\"{&quot;ekit_we_effect_on&quot;:&quot;none&quot;}\" data-widget_type=\"image.default\">\n\t\t\t\t<div class=\"elementor-widget-container\">\n\t\t\t\t\t\t\t\t\t\t\t\t\t\t\t<img fetchpriority=\"high\" decoding=\"async\" width=\"255\" height=\"299\" src=\"https:\/\/locking.es\/wp-content\/uploads\/2025\/07\/TarifaM.png\" class=\"attachment-full size-full wp-image-30957\" alt=\"\" \/>\t\t\t\t\t\t\t\t\t\t\t\t\t\t\t<\/div>\n\t\t\t\t<\/div>\n\t\t\t\t<div class=\"elementor-element elementor-element-d829358 elementor-widget elementor-widget-text-editor\" data-id=\"d829358\" data-element_type=\"widget\" data-e-type=\"widget\" data-settings=\"{&quot;ekit_we_effect_on&quot;:&quot;none&quot;}\" data-widget_type=\"text-editor.default\">\n\t\t\t\t<div class=\"elementor-widget-container\">\n\t\t\t\t\t\t\t\t\t<p>Mala de embarque <br>e uma mochila<\/p>\t\t\t\t\t\t\t\t<\/div>\n\t\t\t\t<\/div>\n\t\t\t\t<div class=\"elementor-element elementor-element-14ce7f1 elementor-widget elementor-widget-text-editor\" data-id=\"14ce7f1\" data-element_type=\"widget\" data-e-type=\"widget\" data-settings=\"{&quot;ekit_we_effect_on&quot;:&quot;none&quot;}\" data-widget_type=\"text-editor.default\">\n\t\t\t\t<div class=\"elementor-widget-container\">\n\t\t\t\t\t\t\t\t\t<strong><span class=\"text_pink\">6,50\u20ac<\/span> DIA<\/strong>\t\t\t\t\t\t\t\t<\/div>\n\t\t\t\t<\/div>\n\t\t\t\t<\/div>\n\t\t<div class=\"elementor-element elementor-element-7db6c7c e-con-full e-flex e-con e-child\" data-id=\"7db6c7c\" data-element_type=\"container\" data-e-type=\"container\">\n\t\t\t\t<div class=\"elementor-element elementor-element-df0d35c elementor-widget elementor-widget-heading\" data-id=\"df0d35c\" data-element_type=\"widget\" data-e-type=\"widget\" data-settings=\"{&quot;ekit_we_effect_on&quot;:&quot;none&quot;}\" data-widget_type=\"heading.default\">\n\t\t\t\t<div class=\"elementor-widget-container\">\n\t\t\t\t\t<p class=\"elementor-heading-title elementor-size-default\">TAMANHO L<\/p>\t\t\t\t<\/div>\n\t\t\t\t<\/div>\n\t\t\t\t<div class=\"elementor-element elementor-element-c044f1b elementor-widget elementor-widget-image\" data-id=\"c044f1b\" data-element_type=\"widget\" data-e-type=\"widget\" data-settings=\"{&quot;ekit_we_effect_on&quot;:&quot;none&quot;}\" data-widget_type=\"image.default\">\n\t\t\t\t<div class=\"elementor-widget-container\">\n\t\t\t\t\t\t\t\t\t\t\t\t\t\t\t<img decoding=\"async\" width=\"255\" height=\"299\" src=\"https:\/\/locking.es\/wp-content\/uploads\/2025\/07\/TarifaL.png\" class=\"attachment-full size-full wp-image-30953\" alt=\"\" \/>\t\t\t\t\t\t\t\t\t\t\t\t\t\t\t<\/div>\n\t\t\t\t<\/div>\n\t\t\t\t<div class=\"elementor-element elementor-element-7ffc69b elementor-widget elementor-widget-text-editor\" data-id=\"7ffc69b\" data-element_type=\"widget\" data-e-type=\"widget\" data-settings=\"{&quot;ekit_we_effect_on&quot;:&quot;none&quot;}\" data-widget_type=\"text-editor.default\">\n\t\t\t\t<div class=\"elementor-widget-container\">\n\t\t\t\t\t\t\t\t\t<p>Duas malas de embarque<br>ou uma mala grande<\/p>\t\t\t\t\t\t\t\t<\/div>\n\t\t\t\t<\/div>\n\t\t\t\t<div class=\"elementor-element elementor-element-e7076b4 elementor-widget elementor-widget-text-editor\" data-id=\"e7076b4\" data-element_type=\"widget\" data-e-type=\"widget\" data-settings=\"{&quot;ekit_we_effect_on&quot;:&quot;none&quot;}\" data-widget_type=\"text-editor.default\">\n\t\t\t\t<div class=\"elementor-widget-container\">\n\t\t\t\t\t\t\t\t\t<strong><span class=\"text_pink\">10,50\u20ac<\/span> DIA<\/strong>\t\t\t\t\t\t\t\t<\/div>\n\t\t\t\t<\/div>\n\t\t\t\t<\/div>\n\t\t<div class=\"elementor-element elementor-element-bbfd6bb e-con-full e-flex e-con e-child\" data-id=\"bbfd6bb\" data-element_type=\"container\" data-e-type=\"container\">\n\t\t\t\t<div class=\"elementor-element elementor-element-3944174 elementor-widget elementor-widget-heading\" data-id=\"3944174\" data-element_type=\"widget\" data-e-type=\"widget\" data-settings=\"{&quot;ekit_we_effect_on&quot;:&quot;none&quot;}\" data-widget_type=\"heading.default\">\n\t\t\t\t<div class=\"elementor-widget-container\">\n\t\t\t\t\t<p class=\"elementor-heading-title elementor-size-default\">TAMANHO XL<\/p>\t\t\t\t<\/div>\n\t\t\t\t<\/div>\n\t\t\t\t<div class=\"elementor-element elementor-element-3255a07 elementor-widget elementor-widget-image\" data-id=\"3255a07\" data-element_type=\"widget\" data-e-type=\"widget\" data-settings=\"{&quot;ekit_we_effect_on&quot;:&quot;none&quot;}\" data-widget_type=\"image.default\">\n\t\t\t\t<div class=\"elementor-widget-container\">\n\t\t\t\t\t\t\t\t\t\t\t\t\t\t\t<img decoding=\"async\" width=\"255\" height=\"299\" src=\"https:\/\/locking.es\/wp-content\/uploads\/2025\/07\/TarifaXL.png\" class=\"attachment-full size-full wp-image-30949\" alt=\"\" \/>\t\t\t\t\t\t\t\t\t\t\t\t\t\t\t<\/div>\n\t\t\t\t<\/div>\n\t\t\t\t<div class=\"elementor-element elementor-element-90181ef elementor-widget elementor-widget-text-editor\" data-id=\"90181ef\" data-element_type=\"widget\" data-e-type=\"widget\" data-settings=\"{&quot;ekit_we_effect_on&quot;:&quot;none&quot;}\" data-widget_type=\"text-editor.default\">\n\t\t\t\t<div class=\"elementor-widget-container\">\n\t\t\t\t\t\t\t\t\tMala extra grande de 23 kg<br>\nou 4 Malas de embarque\t\t\t\t\t\t\t\t<\/div>\n\t\t\t\t<\/div>\n\t\t\t\t<div class=\"elementor-element elementor-element-2132c72 elementor-widget elementor-widget-text-editor\" data-id=\"2132c72\" data-element_type=\"widget\" data-e-type=\"widget\" data-settings=\"{&quot;ekit_we_effect_on&quot;:&quot;none&quot;}\" data-widget_type=\"text-editor.default\">\n\t\t\t\t<div class=\"elementor-widget-container\">\n\t\t\t\t\t\t\t\t\t<strong><span class=\"text_pink\">15,50\u20ac<\/span> DIA<\/strong>\t\t\t\t\t\t\t\t<\/div>\n\t\t\t\t<\/div>\n\t\t\t\t<\/div>\n\t\t\t\t<\/div>\n\t\t\t\t\t<\/div>\n\t\t\t\t<\/div>\n\t\t<div class=\"elementor-element elementor-element-a96fe28 show_mobile e-flex e-con-boxed e-con e-parent\" data-id=\"a96fe28\" data-element_type=\"container\" data-e-type=\"container\">\n\t\t\t\t\t<div class=\"e-con-inner\">\n\t\t\t\t<div class=\"elementor-element elementor-element-42b30d0 elementor-widget elementor-widget-html\" data-id=\"42b30d0\" data-element_type=\"widget\" data-e-type=\"widget\" data-settings=\"{&quot;ekit_we_effect_on&quot;:&quot;none&quot;}\" data-widget_type=\"html.default\">\n\t\t\t\t<div class=\"elementor-widget-container\">\n\t\t\t\t\t<div id=\"slider_container\">\n\t<div id=\"c_prevSlideTaquillas\" class=\"no-visible\"><a href=\"#\" id=\"prevSlideTaquillas\" alt=\"Anterior\" class=\"prev nextSlide\" data-controls=\"prev\" aria-controls=\"customize\" tabindex=\"-1\"><img decoding=\"async\" src=\"\/wp-content\/uploads\/2025\/07\/arrow_prev.png\"><\/a><\/div>\n\t<div id=\"c_nextSlideTaquillas\"><a href=\"#\" id=\"nextSlideTaquillas\" alt=\"Seguindo\" class=\"next prevSlide\" data-controls=\"next\" aria-controls=\"customize\" tabindex=\"-1\"><img decoding=\"async\" src=\"\/wp-content\/uploads\/2025\/07\/arrow_next.png\"><\/a><\/div>\n\t<div class=\"taquilla-slider\">\n\t\t<div class=\"item-taquilla\">\n\t\t\t<div>\n\t\t\t\t<p>TAMANHO M<\/p>\n\t\t\t\t<p><img decoding=\"async\" src=\"\/wp-content\/uploads\/2025\/07\/TarifaM.png\"><\/p>\n\t\t\t\t<p>Mala de embarque <br>e uma mochila<\/p>\n\t\t\t\t<p><span>6,50\u20ac<\/span> DIA<\/p>\n\t\t\t<\/div>\n\t\t<\/div>\n\t\t<div class=\"item-taquilla\">\n\t\t\t<div>\n\t\t\t\t<p>TAMANHO L<\/p>\n\t\t\t\t<p><img decoding=\"async\" src=\"\/wp-content\/uploads\/2025\/07\/TarifaL.png\"><\/p>\n\t\t\t\t<p>Duas malas de embarque<br>ou uma mala grande<\/p>\n\t\t\t\t<p><span>10,50\u20ac<\/span> DIA<\/p>\n\t\t\t<\/div>\n\t\t<\/div>\n\t\t<div class=\"item-taquilla\">\n\t\t\t<div>\n\t\t\t\t<p>TAMANHO XL<\/p>\n\t\t\t\t<p><img decoding=\"async\" src=\"\/wp-content\/uploads\/2025\/07\/TarifaXL.png\"><\/p>\n\t\t\t\t<p>Mala extra grande de 23 kg<br>\nou 4 Malas de embarque<\/p>\n\t\t\t\t<p><span>15,50\u20ac<\/span> DIA<\/p>\n\t\t\t<\/div>\n\t\t<\/div>\n\t<\/div>\n<\/div>\n\t\t\t\t<\/div>\n\t\t\t\t<\/div>\n\t\t\t\t\t<\/div>\n\t\t\t\t<\/div>\n\t\t<div class=\"elementor-element elementor-element-e16ea4b e-flex e-con-boxed e-con e-parent\" data-id=\"e16ea4b\" data-element_type=\"container\" data-e-type=\"container\">\n\t\t\t\t\t<div class=\"e-con-inner\">\n\t\t<div class=\"elementor-element elementor-element-7cdd284 e-con-full e-flex e-con e-child\" data-id=\"7cdd284\" data-element_type=\"container\" data-e-type=\"container\">\n\t\t\t\t<div class=\"elementor-element elementor-element-3bbc200 elementor-widget elementor-widget-elementskit-accordion\" data-id=\"3bbc200\" data-element_type=\"widget\" data-e-type=\"widget\" data-settings=\"{&quot;ekit_we_effect_on&quot;:&quot;none&quot;}\" data-widget_type=\"elementskit-accordion.default\">\n\t\t\t\t<div class=\"elementor-widget-container\">\n\t\t\t\t\t<div class=\"ekit-wid-con\" >\n        <div class=\"elementskit-accordion accoedion-primary\" id=\"accordion-69f2ca9127361\">\n\n            \n                <div class=\"elementskit-card \">\n                    <div class=\"elementskit-card-header\" id=\"primaryHeading-0-3bbc200\">\n                        <a href=\"#collapse-30bc86b69f2ca9127361\" class=\"ekit-accordion--toggler elementskit-btn-link collapsed\" data-ekit-toggle=\"collapse\" data-target=\"#Collapse-30bc86b69f2ca9127361\" aria-expanded=\"false\" aria-controls=\"Collapse-30bc86b69f2ca9127361\">\n                            \n                            <span class=\"ekit-accordion-title\">Onde guardar malas e bagagem de forma segura e econ\u00f3mica no centro de Madrid? <\/span>\n\n                            \n                                <div class=\"ekit_accordion_icon_group\">\n                                    <div class=\"ekit_accordion_normal_icon\">\n                                        <!-- Normal Icon -->\n\t\t\t\t\t\t\t\t\t\t<i class=\"icon icon-down-arrow1\"><\/i>                                    <\/div>\n\n                                    <div class=\"ekit_accordion_active_icon\">\n                                        <!-- Active Icon -->\n\t\t\t\t\t\t\t\t\t\t<i class=\"icon icon-up-arrow\"><\/i>                                    <\/div>\n                                <\/div>\n\n                            \n                                                    <\/a>\n                    <\/div>\n\n                    <div id=\"Collapse-30bc86b69f2ca9127361\" class=\" collapse\" aria-labelledby=\"primaryHeading-0-3bbc200\" data-parent=\"#accordion-69f2ca9127361\">\n\n                        <div class=\"elementskit-card-body ekit-accordion--content\">\n                            <p>A sua mala merece um bom descanso no cora\u00e7\u00e3o de Madrid!<br \/>A passear pela cidade e n\u00e3o sabe o que fazer com as suas coisas? Na rua Hortaleza, 15, espera-o o Locker Madrid, o espa\u00e7o ideal para guardar a sua bagagem com total seguran\u00e7a. A poucos passos da Gran V\u00eda e Chueca, deixe as suas malas e desfrute de Madrid livremente: sem peso, sem preocupa\u00e7\u00f5es. Acesso f\u00e1cil e seguro. Hor\u00e1rio 24 horas e localiza\u00e7\u00e3o imbat\u00edvel no centro hist\u00f3rico.    <\/p>\n<p>Fa\u00e7a com que cada minuto na cidade conte\u2026 Despreocupe-se da sua bagagem enquanto descobre Madrid!<\/p>\n                        <\/div>\n\n                    <\/div>\n\n                <\/div><!-- .elementskit-card END -->\n\n                \n                <div class=\"elementskit-card \">\n                    <div class=\"elementskit-card-header\" id=\"primaryHeading-1-3bbc200\">\n                        <a href=\"#collapse-e3484ae69f2ca9127361\" class=\"ekit-accordion--toggler elementskit-btn-link collapsed\" data-ekit-toggle=\"collapse\" data-target=\"#Collapse-e3484ae69f2ca9127361\" aria-expanded=\"false\" aria-controls=\"Collapse-e3484ae69f2ca9127361\">\n                            \n                            <span class=\"ekit-accordion-title\">\u00b7 Quais s\u00e3o os benef\u00edcios de usar guarda-volumes de bagagem em Madrid?<\/span>\n\n                            \n                                <div class=\"ekit_accordion_icon_group\">\n                                    <div class=\"ekit_accordion_normal_icon\">\n                                        <!-- Normal Icon -->\n\t\t\t\t\t\t\t\t\t\t<i class=\"icon icon-down-arrow1\"><\/i>                                    <\/div>\n\n                                    <div class=\"ekit_accordion_active_icon\">\n                                        <!-- Active Icon -->\n\t\t\t\t\t\t\t\t\t\t<i class=\"icon icon-up-arrow\"><\/i>                                    <\/div>\n                                <\/div>\n\n                            \n                                                    <\/a>\n                    <\/div>\n\n                    <div id=\"Collapse-e3484ae69f2ca9127361\" class=\" collapse\" aria-labelledby=\"primaryHeading-1-3bbc200\" data-parent=\"#accordion-69f2ca9127361\">\n\n                        <div class=\"elementskit-card-body ekit-accordion--content\">\n                            <p><em>Liberdade de movimento sem malas.<\/em><\/p>\n<p>Deixar as malas num guarda-volumes permite aos viajantes explorar Madrid com total liberdade. Sem o peso da bagagem, facilita-se a visita a museus, parques e outros locais emblem\u00e1ticos da cidade. Esta flexibilidade \u00e9 especialmente valiosa para aqueles que chegam a Madrid antes do seu check-in ou que t\u00eam tempo entre viagens. A possibilidade de se mover sem limita\u00e7\u00f5es melhora significativamente a experi\u00eancia tur\u00edstica.   <\/p>\n<p><em>Poupan\u00e7a de tempo em visitas tur\u00edsticas.<\/em><\/p>\n<p>Ao poder deixar a bagagem em guarda-volumes estrategicamente localizados, otimiza-se o tempo de visita. Os turistas podem dedicar horas a explorar o patrim\u00f3nio cultural sem se preocuparem com as suas malas. Isto n\u00e3o s\u00f3 maximiza o tempo dispon\u00edvel, mas tamb\u00e9m permite planear itiner\u00e1rios de forma mais eficiente. Ao diminuir os deslocamentos desnecess\u00e1rios relacionados com a bagagem, a viagem torna-se mais agrad\u00e1vel e bem organizada.   <\/p>\n<p><em>Seguran\u00e7a e prote\u00e7\u00e3o da bagagem.<\/em><\/p>\n<p>A seguran\u00e7a \u00e9 uma prioridade ao armazenar pertences. Os servi\u00e7os de guarda-volumes em Madrid oferecem m\u00faltiplas medidas para proteger a bagagem. Em seguida, detalham-se algumas das caracter\u00edsticas mais relevantes.  <\/p>\n<p><em>C\u00e2maras e videovigil\u00e2ncia.<\/em><\/p>\n<p>A maioria das instala\u00e7\u00f5es de guarda-volumes conta com sistemas de c\u00e2maras de seguran\u00e7a que garantem a vigil\u00e2ncia cont\u00ednua da \u00e1rea de armazenamento. Isto proporciona aos utilizadores uma maior tranquilidade, j\u00e1 que sabem que os seus pertences est\u00e3o sob cont\u00ednua supervis\u00e3o, o que dissuade qualquer tentativa de roubo. <\/p>\n<p><em>Seguro para os seus pertences.<\/em><\/p>\n<p>Alguns servi\u00e7os de guarda-volumes tamb\u00e9m oferecem a op\u00e7\u00e3o de segurar os pertences armazenados. Este tipo de seguro protege os viajantes em caso de perda ou dano, o que proporciona uma camada adicional de seguran\u00e7a. Gra\u00e7as a estas garantias, os utilizadores podem desfrutar do seu tempo na cidade sem a preocupa\u00e7\u00e3o com a sua bagagem.  <\/p>\n                        <\/div>\n\n                    <\/div>\n\n                <\/div><!-- .elementskit-card END -->\n\n                \n                <div class=\"elementskit-card \">\n                    <div class=\"elementskit-card-header\" id=\"primaryHeading-2-3bbc200\">\n                        <a href=\"#collapse-fd614bb69f2ca9127361\" class=\"ekit-accordion--toggler elementskit-btn-link collapsed\" data-ekit-toggle=\"collapse\" data-target=\"#Collapse-fd614bb69f2ca9127361\" aria-expanded=\"false\" aria-controls=\"Collapse-fd614bb69f2ca9127361\">\n                            \n                            <span class=\"ekit-accordion-title\">Perguntas frequentes sobre guarda-volumes de bagagem em Madrid<\/span>\n\n                            \n                                <div class=\"ekit_accordion_icon_group\">\n                                    <div class=\"ekit_accordion_normal_icon\">\n                                        <!-- Normal Icon -->\n\t\t\t\t\t\t\t\t\t\t<i class=\"icon icon-down-arrow1\"><\/i>                                    <\/div>\n\n                                    <div class=\"ekit_accordion_active_icon\">\n                                        <!-- Active Icon -->\n\t\t\t\t\t\t\t\t\t\t<i class=\"icon icon-up-arrow\"><\/i>                                    <\/div>\n                                <\/div>\n\n                            \n                                                    <\/a>\n                    <\/div>\n\n                    <div id=\"Collapse-fd614bb69f2ca9127361\" class=\" collapse\" aria-labelledby=\"primaryHeading-2-3bbc200\" data-parent=\"#accordion-69f2ca9127361\">\n\n                        <div class=\"elementskit-card-body ekit-accordion--content\">\n                            <p>A utiliza\u00e7\u00e3o de servi\u00e7os de guarda-volumes de bagagem em Madrid gera muitas preocupa\u00e7\u00f5es entre os viajantes. Em seguida, respondem-se algumas das perguntas mais comuns relacionadas com estes servi\u00e7os. <\/p>\n<p><em>O que fazer em caso de problemas com a reserva.<\/em><\/p>\n<p>Se surgir algum problema com uma reserva, \u00e9 fundamental agir rapidamente. O primeiro \u00e9 tentar contactar o servi\u00e7o de apoio ao cliente do fornecedor do guarda-volumes. Muitos servi\u00e7os oferecem um n\u00famero de telefone ou um chat online para resolver incid\u00eancias. Em caso de n\u00e3o obter resposta, \u00e9 \u00fatil rever a sec\u00e7\u00e3o de ajuda ou perguntas frequentes na sua p\u00e1gina web. Se a situa\u00e7\u00e3o n\u00e3o se solucionar, \u00e9 recomend\u00e1vel solicitar um reembolso ou compensa\u00e7\u00e3o de acordo com as pol\u00edticas estabelecidas.    <\/p>\n<p><em>Como encontrar um guarda-volumes perto da sua localiza\u00e7\u00e3o.<\/em><\/p>\n<p>Localizar um guarda-volumes perto da localiza\u00e7\u00e3o \u00e9 um processo simples. A maioria das plataformas e aplica\u00e7\u00f5es de servi\u00e7os de guarda-volumes possibilitam filtrar por localiza\u00e7\u00e3o. Pode-se introduzir o endere\u00e7o ou as coordenadas para receber uma lista de op\u00e7\u00f5es dispon\u00edveis. Al\u00e9m disso, muitas guias tur\u00edsticas online ou aplica\u00e7\u00f5es de mapas tamb\u00e9m incluem informa\u00e7\u00e3o sobre os lockers pr\u00f3ximos, o que facilita a localiza\u00e7\u00e3o.   <\/p>\n<p><em>Procedimento para cancelar ou modificar uma reserva.<\/em><\/p>\n<p>Modificar ou cancelar uma reserva de guarda-volumes costuma ser um processo \u00e1gil, mas \u00e9 recomend\u00e1vel rever as pol\u00edticas do servi\u00e7o espec\u00edfico utilizado. Normalmente, o procedimento implica aceder \u00e0 conta do utilizador na p\u00e1gina web ou aplica\u00e7\u00e3o, procurar a reserva correspondente e selecionar a op\u00e7\u00e3o de modifica\u00e7\u00e3o ou cancelamento. Dependendo do tempo que falta para a data de utiliza\u00e7\u00e3o, pode haver custos adicionais ou mesmo a possibilidade de obter um reembolso completo.  <\/p>\n<p>Passos para o cancelamento ou modifica\u00e7\u00e3o:<\/p>\n<ul>\n<li>Aceder ao e-mail recebido da sua reserva.<\/li>\n<li>Localizar a reserva que se deseja alterar ou cancelar no seu e-mail.<\/li>\n<li>Selecionar a op\u00e7\u00e3o de modifica\u00e7\u00e3o ou cancelamento no seu e-mail.<\/li>\n<\/ul>\n<p>Seguir as instru\u00e7\u00f5es que aparecem no ecr\u00e3.<\/p>\n                        <\/div>\n\n                    <\/div>\n\n                <\/div><!-- .elementskit-card END -->\n\n                                        <\/div>\n    <\/div>\t\t\t\t<\/div>\n\t\t\t\t<\/div>\n\t\t\t\t<\/div>\n\t\t<div class=\"elementor-element elementor-element-2415819 e-con-full e-flex e-con e-child\" data-id=\"2415819\" data-element_type=\"container\" data-e-type=\"container\">\n\t\t\t\t<div class=\"elementor-element elementor-element-debb815 elementor-widget elementor-widget-elementskit-accordion\" data-id=\"debb815\" data-element_type=\"widget\" data-e-type=\"widget\" data-settings=\"{&quot;ekit_we_effect_on&quot;:&quot;none&quot;}\" data-widget_type=\"elementskit-accordion.default\">\n\t\t\t\t<div class=\"elementor-widget-container\">\n\t\t\t\t\t<div class=\"ekit-wid-con\" >\n        <div class=\"elementskit-accordion accoedion-primary\" id=\"accordion-69f2ca912a327\">\n\n            \n                <div class=\"elementskit-card \">\n                    <div class=\"elementskit-card-header\" id=\"primaryHeading-0-debb815\">\n                        <a href=\"#collapse-049a91869f2ca912a327\" class=\"ekit-accordion--toggler elementskit-btn-link collapsed\" data-ekit-toggle=\"collapse\" data-target=\"#Collapse-049a91869f2ca912a327\" aria-expanded=\"false\" aria-controls=\"Collapse-049a91869f2ca912a327\">\n                            \n                            <span class=\"ekit-accordion-title\">Que \u00e9 um guarda-volumes de bagagem?<\/span>\n\n                            \n                                <div class=\"ekit_accordion_icon_group\">\n                                    <div class=\"ekit_accordion_normal_icon\">\n                                        <!-- Normal Icon -->\n\t\t\t\t\t\t\t\t\t\t<i class=\"icon icon-down-arrow1\"><\/i>                                    <\/div>\n\n                                    <div class=\"ekit_accordion_active_icon\">\n                                        <!-- Active Icon -->\n\t\t\t\t\t\t\t\t\t\t<i class=\"icon icon-up-arrow\"><\/i>                                    <\/div>\n                                <\/div>\n\n                            \n                                                    <\/a>\n                    <\/div>\n\n                    <div id=\"Collapse-049a91869f2ca912a327\" class=\" collapse\" aria-labelledby=\"primaryHeading-0-debb815\" data-parent=\"#accordion-69f2ca912a327\">\n\n                        <div class=\"elementskit-card-body ekit-accordion--content\">\n                            <p>O guarda-volumes de bagagem \u00e9 um servi\u00e7o que permite aos viajantes armazenar temporariamente os seus pertences de forma segura, facilitando a mobilidade numa cidade cheia de atra\u00e7\u00f5es. Apresentam-se em diferentes formatos e s\u00e3o especialmente \u00fateis para aqueles que desejam desfrutar da sua visita sem os inc\u00f3modos da bagagem. <\/p>\n<p>O funcionamento dos guarda-volumes \u00e9 acess\u00edvel e pr\u00e1tico. Os utilizadores podem selecionar uma instala\u00e7\u00e3o, fazer uma reserva e proteger os seus pertences num locker ou espa\u00e7o designado. Este sistema foi concebido para ser utilizado por qualquer viajante, acrescentando assim comodidade \u00e0 experi\u00eancia de explora\u00e7\u00e3o da cidade.   <br \/>Os guarda-volumes costumam operar de forma automatizada, o que agiliza o processo e permite aos utilizadores aceder aos seus pertences com facilidade.<\/p>\n                        <\/div>\n\n                    <\/div>\n\n                <\/div><!-- .elementskit-card END -->\n\n                \n                <div class=\"elementskit-card \">\n                    <div class=\"elementskit-card-header\" id=\"primaryHeading-1-debb815\">\n                        <a href=\"#collapse-f75550269f2ca912a327\" class=\"ekit-accordion--toggler elementskit-btn-link collapsed\" data-ekit-toggle=\"collapse\" data-target=\"#Collapse-f75550269f2ca912a327\" aria-expanded=\"false\" aria-controls=\"Collapse-f75550269f2ca912a327\">\n                            \n                            <span class=\"ekit-accordion-title\">Conselhos para escolher o melhor guarda-volumes<\/span>\n\n                            \n                                <div class=\"ekit_accordion_icon_group\">\n                                    <div class=\"ekit_accordion_normal_icon\">\n                                        <!-- Normal Icon -->\n\t\t\t\t\t\t\t\t\t\t<i class=\"icon icon-down-arrow1\"><\/i>                                    <\/div>\n\n                                    <div class=\"ekit_accordion_active_icon\">\n                                        <!-- Active Icon -->\n\t\t\t\t\t\t\t\t\t\t<i class=\"icon icon-up-arrow\"><\/i>                                    <\/div>\n                                <\/div>\n\n                            \n                                                    <\/a>\n                    <\/div>\n\n                    <div id=\"Collapse-f75550269f2ca912a327\" class=\" collapse\" aria-labelledby=\"primaryHeading-1-debb815\" data-parent=\"#accordion-69f2ca912a327\">\n\n                        <div class=\"elementskit-card-body ekit-accordion--content\">\n                            <p>Selecionar o guarda-volumes mais adequado \u00e9 essencial para garantir uma experi\u00eancia sem preocupa\u00e7\u00f5es ao armazenar a bagagem. A seguir, detalham-se alguns conselhos importantes a ter em conta. <\/p>\n<p><em>Import\u00e2ncia das avalia\u00e7\u00f5es dos utilizadores.<\/em><\/p>\n<p>As avalia\u00e7\u00f5es de outros utilizadores representam uma fonte inestim\u00e1vel de informa\u00e7\u00e3o. Ajudam a ter uma ideia clara da qualidade do servi\u00e7o oferecido por cada guarda-volumes. Ao rever as opini\u00f5es, podem-se identificar aspetos positivos e negativos que poderiam influenciar a escolha. \u00c9 recomend\u00e1vel procurar coment\u00e1rios sobre:   <\/p>\n<ul>\n<li>A disponibilidade e aten\u00e7\u00e3o do pessoal.<\/li>\n<li>A limpeza e o estado geral das instala\u00e7\u00f5es.<\/li>\n<li>A facilidade no processo de armazenamento e recolha.<\/li>\n<li>A seguran\u00e7a percebida por outros utilizadores.<\/li>\n<\/ul>\n<p><em>Considera\u00e7\u00f5es especiais para bagagem volumosa.<\/em><\/p>\n<p>O equipamento de viagem de certas pessoas pode incluir objetos de grande tamanho, como bicicletas ou malas especiais. \u00c9 fundamental assegurar-se de que o guarda-volumes escolhido tem capacidade para armazenar estes artigos. Al\u00e9m disso, alguns servi\u00e7os podem oferecer tarifas especiais ou condi\u00e7\u00f5es espec\u00edficas para este tipo de bagagem. Avaliar o espa\u00e7o dispon\u00edvel e as restri\u00e7\u00f5es de cada guarda-volumes evita surpresas desagrad\u00e1veis no momento de deixar os pertences.   <\/p>\n<p><em>Verifica\u00e7\u00e3o das medidas de seguran\u00e7a.<\/em><br \/>A seguran\u00e7a \u00e9 um aspeto cr\u00edtico ao selecionar um guarda-volumes para a bagagem. \u00c9 aconselh\u00e1vel verificar as medidas de prote\u00e7\u00e3o implementadas pela instala\u00e7\u00e3o, tais como: <\/p>\n<ul>\n<li>C\u00e2maras de videovigil\u00e2ncia que operam 24 horas.<\/li>\n<li>Acesso controlado \u00e0s \u00e1reas de armazenamento.<\/li>\n<li>Lacres de seguran\u00e7a para proteger as malas durante o armazenamento.<\/li>\n<li>Op\u00e7\u00f5es de seguro que cubram poss\u00edveis danos ou perdas.<\/li>\n<\/ul>\n<p>Assegurar-se de que se tomam as precau\u00e7\u00f5es adequadas proporciona tranquilidade ao viajante e garante que os pertences permanecer\u00e3o seguros durante a sua aus\u00eancia.<\/p>\n                        <\/div>\n\n                    <\/div>\n\n                <\/div><!-- .elementskit-card END -->\n\n                \n                <div class=\"elementskit-card \">\n                    <div class=\"elementskit-card-header\" id=\"primaryHeading-2-debb815\">\n                        <a href=\"#collapse-908969069f2ca912a327\" class=\"ekit-accordion--toggler elementskit-btn-link collapsed\" data-ekit-toggle=\"collapse\" data-target=\"#Collapse-908969069f2ca912a327\" aria-expanded=\"false\" aria-controls=\"Collapse-908969069f2ca912a327\">\n                            \n                            <span class=\"ekit-accordion-title\">Onde guardar as malas ou a bagagem no centro de Madrid?<\/span>\n\n                            \n                                <div class=\"ekit_accordion_icon_group\">\n                                    <div class=\"ekit_accordion_normal_icon\">\n                                        <!-- Normal Icon -->\n\t\t\t\t\t\t\t\t\t\t<i class=\"icon icon-down-arrow1\"><\/i>                                    <\/div>\n\n                                    <div class=\"ekit_accordion_active_icon\">\n                                        <!-- Active Icon -->\n\t\t\t\t\t\t\t\t\t\t<i class=\"icon icon-up-arrow\"><\/i>                                    <\/div>\n                                <\/div>\n\n                            \n                                                    <\/a>\n                    <\/div>\n\n                    <div id=\"Collapse-908969069f2ca912a327\" class=\" collapse\" aria-labelledby=\"primaryHeading-2-debb815\" data-parent=\"#accordion-69f2ca912a327\">\n\n                        <div class=\"elementskit-card-body ekit-accordion--content\">\n                            <p>Em Madrid, a op\u00e7\u00e3o de guardar malas tornou-se cada vez mais popular entre os viajantes. Este servi\u00e7o permite aos turistas explorar a cidade sem o peso dos seus pertences, facilitando uma experi\u00eancia mais c\u00f3moda e agrad\u00e1vel. <\/p>\n<p>Os lockers e guarda-volumes est\u00e3o dispon\u00edveis em pontos estrat\u00e9gicos, como esta\u00e7\u00f5es de comboio, aeroportos e zonas tur\u00edsticas. Isto assegura que os viajantes possam deixar a sua bagagem perto dos locais que desejam visitar, otimizando o seu tempo. <\/p>\n<p>Os pre\u00e7os dos guarda-volumes s\u00e3o acess\u00edveis e variam de acordo com o tamanho do espa\u00e7o e a dura\u00e7\u00e3o do armazenamento. Esta acessibilidade permite que mais pessoas aproveitem estes servi\u00e7os sem se preocuparem com o seu or\u00e7amento. <\/p>\n<p>A seguran\u00e7a \u00e9 uma prioridade nos guarda-volumes de Madrid, j\u00e1 que muitos destes lugares contam com sistemas de videovigil\u00e2ncia e seguros para os pertences. Isto proporciona tranquilidade aos viajantes, assegurando que as suas malas estejam protegidas enquanto desfrutam da sua estadia. <\/p>\n<p>Utilizar um servi\u00e7o de guarda-malas em Madrid n\u00e3o s\u00f3 \u00e9 pr\u00e1tico, mas tamb\u00e9m melhora a experi\u00eancia tur\u00edstica. Ao libertar os viajantes do peso da sua bagagem, permite-lhes desfrutar plenamente de tudo o que a cidade tem para oferecer. <\/p>\n<p>Os guarda-volumes em Madrid tornaram-se uma solu\u00e7\u00e3o essencial para os viajantes que procuram explorar a cidade sem os inc\u00f3modos de carregar a sua bagagem. Estas instala\u00e7\u00f5es permitem armazenar malas, mochilas e outros objetos pessoais de forma segura, proporcionando tranquilidade durante a visita. <\/p>\n<p>Em diversas localiza\u00e7\u00f5es estrat\u00e9gicas de Madrid, como esta\u00e7\u00f5es de comboio, aeroportos e \u00e1reas tur\u00edsticas, encontram-se guarda-volumes que oferecem f\u00e1cil acesso. Isto permite aos turistas desfrutar das suas atividades sem se preocuparem com os seus pertences, facilitando a sua mobilidade na cidade. <\/p>\n<p>Os pre\u00e7os dos guarda-volumes s\u00e3o variados, adaptando-se a diferentes necessidades e or\u00e7amentos.<\/p>\n<p>Os guarda-volumes em Madrid costumam contar com medidas de seguran\u00e7a avan\u00e7adas, como videovigil\u00e2ncia e acesso controlado. Isto assegura que os objetos armazenados estejam protegidos, permitindo aos utilizadores desfrutar do seu tempo na cidade com confian\u00e7a. <\/p>\n<p>O processo de reserva e uso dos guarda-volumes \u00e9 bastante simples. Os viajantes podem fazer reservas online ou presencialmente, e o acesso aos seus pertences \u00e9 r\u00e1pido e eficiente, garantindo uma experi\u00eancia sem complica\u00e7\u00f5es durante a sua visita \u00e0 capital espanhola. <\/p>\n<p>Se viajar para Madrid e precisar de deixar as suas malas, os guarda-volumes de bagagem s\u00e3o uma solu\u00e7\u00e3o pr\u00e1tica e segura. Estes servi\u00e7os permitem-lhe explorar a cidade sem o peso dos seus pertences, o que melhora significativamente a sua experi\u00eancia tur\u00edstica. <\/p>\n<p>Os guarda-volumes de bagagem est\u00e3o localizados em pontos estrat\u00e9gicos, como esta\u00e7\u00f5es de comboio e \u00e1reas tur\u00edsticas. Isto permite-lhe aceder facilmente \u00e0s suas malas quando precisar, facilitando os seus deslocamentos pela cidade. <\/p>\n<p>Ao optar por deixar a sua bagagem num guarda-volumes, pode desfrutar de locais emblem\u00e1ticos como o Museu do Prado ou o Parque do Retiro sem preocupa\u00e7\u00f5es. Aproveitar este servi\u00e7o proporciona-lhe a liberdade de se mover com comodidade. <\/p>\n<p>Os pre\u00e7os s\u00e3o muito competitivos, com tarifas que variam de acordo com o tamanho do locker e a dura\u00e7\u00e3o do armazenamento. Isto faz com que guardar as suas malas seja uma op\u00e7\u00e3o acess\u00edvel para todos os viajantes. <\/p>\n<p>Os guarda-volumes de bagagem em Madrid s\u00e3o uma excelente op\u00e7\u00e3o para quem deseja desfrutar da cidade sem as limita\u00e7\u00f5es da bagagem. Com um servi\u00e7o seguro e conveniente, pode maximizar o seu tempo e desfrutar de cada momento na capital espanhola. <\/p>\n                        <\/div>\n\n                    <\/div>\n\n                <\/div><!-- .elementskit-card END -->\n\n                                        <\/div>\n    <\/div>\t\t\t\t<\/div>\n\t\t\t\t<\/div>\n\t\t\t\t<\/div>\n\t\t\t\t\t<\/div>\n\t\t\t\t<\/div>\n\t\t<div class=\"elementor-element elementor-element-bd46ddd e-flex e-con-boxed e-con e-parent\" data-id=\"bd46ddd\" data-element_type=\"container\" data-e-type=\"container\">\n\t\t\t\t\t<div class=\"e-con-inner\">\n\t\t<div class=\"elementor-element elementor-element-055c053 e-con-full e-flex e-con e-child\" data-id=\"055c053\" data-element_type=\"container\" data-e-type=\"container\">\n\t\t\t\t<div class=\"elementor-element elementor-element-63d340b elementor-widget elementor-widget-shortcode\" data-id=\"63d340b\" data-element_type=\"widget\" data-e-type=\"widget\" data-settings=\"{&quot;ekit_we_effect_on&quot;:&quot;none&quot;}\" data-widget_type=\"shortcode.default\">\n\t\t\t\t<div class=\"elementor-widget-container\">\n\t\t\t\t\t\t\t<div class=\"elementor-shortcode\"><div data-src=\"https:\/\/cdn.trustindex.io\/loader.js?5e7a87c5112a820d9f56a8bd724\"><\/div><\/div>\n\t\t\t\t\t\t<\/div>\n\t\t\t\t<\/div>\n\t\t\t\t<\/div>\n\t\t\t\t\t<\/div>\n\t\t\t\t<\/div>\n\t\t<div class=\"elementor-element elementor-element-383190c e-flex e-con-boxed e-con e-parent\" data-id=\"383190c\" data-element_type=\"container\" data-e-type=\"container\">\n\t\t\t\t\t<div class=\"e-con-inner\">\n\t\t<div class=\"elementor-element elementor-element-4a9e0af3 e-con-full e-flex e-con e-child\" data-id=\"4a9e0af3\" data-element_type=\"container\" data-e-type=\"container\">\n\t\t\t\t<div class=\"elementor-element elementor-element-d7778c7 elementor-widget elementor-widget-text-editor\" data-id=\"d7778c7\" data-element_type=\"widget\" data-e-type=\"widget\" data-settings=\"{&quot;ekit_we_effect_on&quot;:&quot;none&quot;}\" data-widget_type=\"text-editor.default\">\n\t\t\t\t<div class=\"elementor-widget-container\">\n\t\t\t\t\t\t\t\t\t<h3>BLOG SEM MALAS &#8211; MADRID<\/h3>\t\t\t\t\t\t\t\t<\/div>\n\t\t\t\t<\/div>\n\t\t\t\t<\/div>\n\t\t\t\t\t<\/div>\n\t\t\t\t<\/div>\n\t\t<div class=\"elementor-element elementor-element-07933bf e-flex e-con-boxed e-con e-parent\" data-id=\"07933bf\" data-element_type=\"container\" data-e-type=\"container\">\n\t\t\t\t\t<div class=\"e-con-inner\">\n\t\t\t\t<div class=\"elementor-element elementor-element-62684af elementor-widget elementor-widget-elementskit-blog-posts\" data-id=\"62684af\" data-element_type=\"widget\" data-e-type=\"widget\" id=\"c_post\" data-settings=\"{&quot;ekit_we_effect_on&quot;:&quot;none&quot;}\" data-widget_type=\"elementskit-blog-posts.default\">\n\t\t\t\t<div class=\"elementor-widget-container\">\n\t\t\t\t\t<div class=\"ekit-wid-con\" >\n        <div id=\"post-items--62684af\" class=\"row post-items ekit-blog-posts-content wihout-masonry \" data-enable=\"no\">\n\n\t\t\t<!-- Blog Carousel markup render -->\n\t\t\t\n\n            <div class=\"col-lg-4 col-md-6\">\n\n                                    <div class=\"elementskit-post-image-card\">\n                        <div class=\"elementskit-entry-header\">\n                                                            <a href=\"https:\/\/locking.es\/pt-pt\/ponte-de-maio\/\" class=\"elementskit-entry-thumb\">\n                                    <img decoding=\"async\" src=\"https:\/\/locking.es\/wp-content\/uploads\/2026\/04\/Plaza-2-de-Mayo-1024x584.jpg\" alt=\"Guia para aproveitar ao m\u00e1ximo a Ponte de Maio em Madrid (sem andar carregado com malas)\">\n                                <\/a><!-- .elementskit-entry-thumb END -->\n                                                            \n                            \n                                                    <\/div><!-- .elementskit-entry-header END -->\n\n                        <div class=\"elementskit-post-body \">\n                            \n                                                                                                                                                        \n                                        \n                                        \t\t\t\t\t\t\t\t\t\t                <h2 class=\"entry-title\">\n                    <a href=\"https:\/\/locking.es\/pt-pt\/ponte-de-maio\/\">\n                            Guia para aproveitar ao m\u00e1ximo a Ponte de Maio em Madrid (sem andar carregado com malas)                    <\/a>\n                <\/h2>\n                                                                                                                                                                                                    <\/div><!-- .elementskit-post-body END -->\n                    <\/div>\n                \n            <\/div>\t\t\t\t\n\n            <div class=\"col-lg-4 col-md-6\">\n\n                                    <div class=\"elementskit-post-image-card\">\n                        <div class=\"elementskit-entry-header\">\n                                                            <a href=\"https:\/\/locking.es\/pt-pt\/fruit-attraction\/\" class=\"elementskit-entry-thumb\">\n                                    <img decoding=\"async\" src=\"https:\/\/locking.es\/wp-content\/uploads\/2025\/09\/ifema-fruta-1024x584.png\" alt=\"FRUIT ATTRACTION 2025\">\n                                <\/a><!-- .elementskit-entry-thumb END -->\n                                                            \n                            \n                                                    <\/div><!-- .elementskit-entry-header END -->\n\n                        <div class=\"elementskit-post-body \">\n                            \n                                                                                                                                                        \n                                        \n                                        \t\t\t\t\t\t\t\t\t\t                <h2 class=\"entry-title\">\n                    <a href=\"https:\/\/locking.es\/pt-pt\/fruit-attraction\/\">\n                            FRUIT ATTRACTION 2025                    <\/a>\n                <\/h2>\n                                                                                                                                                                                                    <\/div><!-- .elementskit-post-body END -->\n                    <\/div>\n                \n            <\/div>\t\t\t\t\n\n            <div class=\"col-lg-4 col-md-6\">\n\n                                    <div class=\"elementskit-post-image-card\">\n                        <div class=\"elementskit-entry-header\">\n                                                            <a href=\"https:\/\/locking.es\/pt-pt\/o-rastro-de-madrid\/\" class=\"elementskit-entry-thumb\">\n                                    <img decoding=\"async\" src=\"https:\/\/locking.es\/wp-content\/uploads\/2025\/09\/rastrtomadrid-1024x585.jpg\" alt=\"O Rastro de Madrid: A alma da capital todos os domingos\">\n                                <\/a><!-- .elementskit-entry-thumb END -->\n                                                            \n                            \n                                                    <\/div><!-- .elementskit-entry-header END -->\n\n                        <div class=\"elementskit-post-body \">\n                            \n                                                                                                                                                        \n                                        \n                                        \t\t\t\t\t\t\t\t\t\t                <h2 class=\"entry-title\">\n                    <a href=\"https:\/\/locking.es\/pt-pt\/o-rastro-de-madrid\/\">\n                            O Rastro de Madrid: A alma da capital todos os domingos                    <\/a>\n                <\/h2>\n                                                                                                                                                                                                    <\/div><!-- .elementskit-post-body END -->\n                    <\/div>\n                \n            <\/div>\t\t\t\t        <\/div>\n        \n        \n        <\/div>\t\t\t\t<\/div>\n\t\t\t\t<\/div>\n\t\t\t\t\t<\/div>\n\t\t\t\t<\/div>\n\t\t<div class=\"elementor-element elementor-element-524c46d e-flex e-con-boxed e-con e-parent\" data-id=\"524c46d\" data-element_type=\"container\" data-e-type=\"container\">\n\t\t\t\t\t<div class=\"e-con-inner\">\n\t\t<div class=\"elementor-element elementor-element-ae34785 e-grid e-con-full e-con e-child\" data-id=\"ae34785\" data-element_type=\"container\" data-e-type=\"container\">\n\t\t\t\t<div class=\"elementor-element elementor-element-ca23974 elementor-widget elementor-widget-text-editor\" data-id=\"ca23974\" data-element_type=\"widget\" data-e-type=\"widget\" data-settings=\"{&quot;ekit_we_effect_on&quot;:&quot;none&quot;}\" data-widget_type=\"text-editor.default\">\n\t\t\t\t<div class=\"elementor-widget-container\">\n\t\t\t\t\t\t\t\t\t<h3>Experi\u00eancias em Madrid<\/h3>\t\t\t\t\t\t\t\t<\/div>\n\t\t\t\t<\/div>\n\t\t\t\t<div class=\"elementor-element elementor-element-ca63299 elementor-widget elementor-widget-html\" data-id=\"ca63299\" data-element_type=\"widget\" data-e-type=\"widget\" data-settings=\"{&quot;ekit_we_effect_on&quot;:&quot;none&quot;}\" data-widget_type=\"html.default\">\n\t\t\t\t<div class=\"elementor-widget-container\">\n\t\t\t\t\t<div style='text-align:center;'><script>function loadScript(url, callback){var script=document.createElement('script'); script.type='text\/javascript'; if (script.readyState){script.onreadystatechange=function(){if (script.readyState=='loaded' || script.readyState=='complete'){script.onreadystatechange=null; callback();}};}else{script.onload=function(){callback();};}script.src=url; document.getElementsByTagName('head')[0].appendChild(script);}loadScript('https:\/\/www.civitatis.com\/f\/js\/vendor\/iframeResizer.min.js', function(){iFrameResize({checkOrigin:false,initCallback:function(iframe){setTimeout(function(){var resizeEvent = window.document.createEvent('UIEvents'); resizeEvent.initUIEvent('resize', true, false, window, 0); iframe.dispatchEvent(resizeEvent);});}})})<\/script><iframe class='civitatis-iframe' src='https:\/\/www.civitatis.com\/widget-activities\/?agencyId=71441&display=compact&cant=3&lang=pt&currency=EUR&destination=2&transfer=0&cmp=Widget_Madrid&width=100%&hideButton=0&centerContent=1&typeSelection=all&color=f70759&typography=Montserrat&removeBackground=1&showShadow=1&roundedButtons=1' width='100%'  frameborder='0' data-maxwidth='100%' style='max-width: 100%' ><\/iframe><\/div>\t\t\t\t<\/div>\n\t\t\t\t<\/div>\n\t\t\t\t<\/div>\n\t\t\t\t\t<\/div>\n\t\t\t\t<\/div>\n\t\t\t\t<\/div>\n\t\t","protected":false},"excerpt":{"rendered":"<p>LOCKERS EN MADRID Solu\u00e7\u00f5es seguras e econ\u00f3micas Madrid oferece diversas op\u00e7\u00f5es para guardar malas de forma segura e confort\u00e1vel. Os cacifos e dep\u00f3sitos de bagagem permitem aos viajantes desfrutar da cidade sem o fardo dos seus pertences. Estes servi\u00e7os s\u00e3o ideais para quem chega antes do check-in ou tem algumas horas livres antes de partir. [&hellip;] <\/p>\n","protected":false},"author":1,"featured_media":31225,"parent":0,"menu_order":0,"comment_status":"closed","ping_status":"closed","template":"","meta":{"footnotes":""},"class_list":["post-33096","page","type-page","status-publish","has-post-thumbnail","hentry"],"yoast_head":"<!-- This site is optimized with the Yoast SEO plugin v27.3 - https:\/\/yoast.com\/product\/yoast-seo-wordpress\/ -->\n<title>Arm\u00e1rios autom\u00e1ticos no centro de Madrid - A sua bagagem segura<\/title>\n<meta name=\"description\" content=\"Guarde as suas malas e bagagens de forma segura, pr\u00e1tica e econ\u00f3mica com os arm\u00e1rios no cora\u00e7\u00e3o de Madrid. As nossas unidades est\u00e3o localizadas em Chueca ou La Latina. Com a garantia do servi\u00e7o mais bem avaliado pelos clientes. Aberto 24 horas com videovigil\u00e2ncia. Reserve a partir de 6,50\u20ac por dia\" \/>\n<meta name=\"robots\" content=\"index, follow, max-snippet:-1, max-image-preview:large, max-video-preview:-1\" \/>\n<link rel=\"canonical\" href=\"https:\/\/locking.es\/pt-pt\/lockers-madrid\/\" \/>\n<meta property=\"og:locale\" content=\"pt_PT\" \/>\n<meta property=\"og:type\" content=\"article\" \/>\n<meta property=\"og:title\" content=\"Arm\u00e1rios autom\u00e1ticos no centro de Madrid - A sua bagagem segura\" \/>\n<meta property=\"og:description\" content=\"Guarde as suas malas e bagagens de forma segura, pr\u00e1tica e econ\u00f3mica com os arm\u00e1rios no cora\u00e7\u00e3o de Madrid. As nossas unidades est\u00e3o localizadas em Chueca ou La Latina. Com a garantia do servi\u00e7o mais bem avaliado pelos clientes. Aberto 24 horas com videovigil\u00e2ncia. Reserve a partir de 6,50\u20ac por dia\" \/>\n<meta property=\"og:url\" content=\"https:\/\/locking.es\/pt-pt\/lockers-madrid\/\" \/>\n<meta property=\"og:site_name\" content=\"Consignas autom\u00e1ticas Maletas y Equipaje Locking\" \/>\n<meta property=\"article:modified_time\" content=\"2025-11-17T10:12:27+00:00\" \/>\n<meta property=\"og:image\" content=\"https:\/\/locking.es\/wp-content\/uploads\/2025\/07\/bg_madrid_g.jpg\" \/>\n\t<meta property=\"og:image:width\" content=\"1920\" \/>\n\t<meta property=\"og:image:height\" content=\"1001\" \/>\n\t<meta property=\"og:image:type\" content=\"image\/jpeg\" \/>\n<meta name=\"twitter:card\" content=\"summary_large_image\" \/>\n<meta name=\"twitter:label1\" content=\"Tempo estimado de leitura\" \/>\n\t<meta name=\"twitter:data1\" content=\"14 minutos\" \/>\n<script type=\"application\/ld+json\" class=\"yoast-schema-graph\">{\"@context\":\"https:\\\/\\\/schema.org\",\"@graph\":[{\"@type\":\"WebPage\",\"@id\":\"https:\\\/\\\/locking.es\\\/pt-pt\\\/lockers-madrid\\\/\",\"url\":\"https:\\\/\\\/locking.es\\\/pt-pt\\\/lockers-madrid\\\/\",\"name\":\"Arm\u00e1rios autom\u00e1ticos no centro de Madrid - A sua bagagem segura\",\"isPartOf\":{\"@id\":\"https:\\\/\\\/locking.es\\\/pt-pt\\\/#website\"},\"primaryImageOfPage\":{\"@id\":\"https:\\\/\\\/locking.es\\\/pt-pt\\\/lockers-madrid\\\/#primaryimage\"},\"image\":{\"@id\":\"https:\\\/\\\/locking.es\\\/pt-pt\\\/lockers-madrid\\\/#primaryimage\"},\"thumbnailUrl\":\"https:\\\/\\\/locking.es\\\/wp-content\\\/uploads\\\/2025\\\/07\\\/bg_madrid_g.jpg\",\"datePublished\":\"2025-07-15T15:03:01+00:00\",\"dateModified\":\"2025-11-17T10:12:27+00:00\",\"description\":\"Guarde as suas malas e bagagens de forma segura, pr\u00e1tica e econ\u00f3mica com os arm\u00e1rios no cora\u00e7\u00e3o de Madrid. As nossas unidades est\u00e3o localizadas em Chueca ou La Latina. Com a garantia do servi\u00e7o mais bem avaliado pelos clientes. Aberto 24 horas com videovigil\u00e2ncia. Reserve a partir de 6,50\u20ac por dia\",\"breadcrumb\":{\"@id\":\"https:\\\/\\\/locking.es\\\/pt-pt\\\/lockers-madrid\\\/#breadcrumb\"},\"inLanguage\":\"pt-PT\",\"potentialAction\":[{\"@type\":\"ReadAction\",\"target\":[\"https:\\\/\\\/locking.es\\\/pt-pt\\\/lockers-madrid\\\/\"]}]},{\"@type\":\"ImageObject\",\"inLanguage\":\"pt-PT\",\"@id\":\"https:\\\/\\\/locking.es\\\/pt-pt\\\/lockers-madrid\\\/#primaryimage\",\"url\":\"https:\\\/\\\/locking.es\\\/wp-content\\\/uploads\\\/2025\\\/07\\\/bg_madrid_g.jpg\",\"contentUrl\":\"https:\\\/\\\/locking.es\\\/wp-content\\\/uploads\\\/2025\\\/07\\\/bg_madrid_g.jpg\",\"width\":1920,\"height\":1001},{\"@type\":\"BreadcrumbList\",\"@id\":\"https:\\\/\\\/locking.es\\\/pt-pt\\\/lockers-madrid\\\/#breadcrumb\",\"itemListElement\":[{\"@type\":\"ListItem\",\"position\":1,\"name\":\"Portada\",\"item\":\"https:\\\/\\\/locking.es\\\/pt-pt\\\/\"},{\"@type\":\"ListItem\",\"position\":2,\"name\":\"Lockers Madrid\"}]},{\"@type\":\"WebSite\",\"@id\":\"https:\\\/\\\/locking.es\\\/pt-pt\\\/#website\",\"url\":\"https:\\\/\\\/locking.es\\\/pt-pt\\\/\",\"name\":\"Consignas autom\u00e1ticas Maletas y Equipaje Locking\",\"description\":\"\",\"publisher\":{\"@id\":\"https:\\\/\\\/locking.es\\\/pt-pt\\\/#organization\"},\"potentialAction\":[{\"@type\":\"SearchAction\",\"target\":{\"@type\":\"EntryPoint\",\"urlTemplate\":\"https:\\\/\\\/locking.es\\\/pt-pt\\\/?s={search_term_string}\"},\"query-input\":{\"@type\":\"PropertyValueSpecification\",\"valueRequired\":true,\"valueName\":\"search_term_string\"}}],\"inLanguage\":\"pt-PT\"},{\"@type\":\"Organization\",\"@id\":\"https:\\\/\\\/locking.es\\\/pt-pt\\\/#organization\",\"name\":\"Consignas autom\u00e1ticas Maletas y Equipaje Locking\",\"url\":\"https:\\\/\\\/locking.es\\\/pt-pt\\\/\",\"logo\":{\"@type\":\"ImageObject\",\"inLanguage\":\"pt-PT\",\"@id\":\"https:\\\/\\\/locking.es\\\/pt-pt\\\/#\\\/schema\\\/logo\\\/image\\\/\",\"url\":\"https:\\\/\\\/locking.es\\\/wp-content\\\/uploads\\\/2024\\\/09\\\/logo.png\",\"contentUrl\":\"https:\\\/\\\/locking.es\\\/wp-content\\\/uploads\\\/2024\\\/09\\\/logo.png\",\"width\":239,\"height\":91,\"caption\":\"Consignas autom\u00e1ticas Maletas y Equipaje Locking\"},\"image\":{\"@id\":\"https:\\\/\\\/locking.es\\\/pt-pt\\\/#\\\/schema\\\/logo\\\/image\\\/\"}}]}<\/script>\n<!-- \/ Yoast SEO plugin. -->","yoast_head_json":{"title":"Arm\u00e1rios autom\u00e1ticos no centro de Madrid - A sua bagagem segura","description":"Guarde as suas malas e bagagens de forma segura, pr\u00e1tica e econ\u00f3mica com os arm\u00e1rios no cora\u00e7\u00e3o de Madrid. As nossas unidades est\u00e3o localizadas em Chueca ou La Latina. Com a garantia do servi\u00e7o mais bem avaliado pelos clientes. Aberto 24 horas com videovigil\u00e2ncia. Reserve a partir de 6,50\u20ac por dia","robots":{"index":"index","follow":"follow","max-snippet":"max-snippet:-1","max-image-preview":"max-image-preview:large","max-video-preview":"max-video-preview:-1"},"canonical":"https:\/\/locking.es\/pt-pt\/lockers-madrid\/","og_locale":"pt_PT","og_type":"article","og_title":"Arm\u00e1rios autom\u00e1ticos no centro de Madrid - A sua bagagem segura","og_description":"Guarde as suas malas e bagagens de forma segura, pr\u00e1tica e econ\u00f3mica com os arm\u00e1rios no cora\u00e7\u00e3o de Madrid. As nossas unidades est\u00e3o localizadas em Chueca ou La Latina. Com a garantia do servi\u00e7o mais bem avaliado pelos clientes. Aberto 24 horas com videovigil\u00e2ncia. Reserve a partir de 6,50\u20ac por dia","og_url":"https:\/\/locking.es\/pt-pt\/lockers-madrid\/","og_site_name":"Consignas autom\u00e1ticas Maletas y Equipaje Locking","article_modified_time":"2025-11-17T10:12:27+00:00","og_image":[{"width":1920,"height":1001,"url":"https:\/\/locking.es\/wp-content\/uploads\/2025\/07\/bg_madrid_g.jpg","type":"image\/jpeg"}],"twitter_card":"summary_large_image","twitter_misc":{"Tempo estimado de leitura":"14 minutos"},"schema":{"@context":"https:\/\/schema.org","@graph":[{"@type":"WebPage","@id":"https:\/\/locking.es\/pt-pt\/lockers-madrid\/","url":"https:\/\/locking.es\/pt-pt\/lockers-madrid\/","name":"Arm\u00e1rios autom\u00e1ticos no centro de Madrid - A sua bagagem segura","isPartOf":{"@id":"https:\/\/locking.es\/pt-pt\/#website"},"primaryImageOfPage":{"@id":"https:\/\/locking.es\/pt-pt\/lockers-madrid\/#primaryimage"},"image":{"@id":"https:\/\/locking.es\/pt-pt\/lockers-madrid\/#primaryimage"},"thumbnailUrl":"https:\/\/locking.es\/wp-content\/uploads\/2025\/07\/bg_madrid_g.jpg","datePublished":"2025-07-15T15:03:01+00:00","dateModified":"2025-11-17T10:12:27+00:00","description":"Guarde as suas malas e bagagens de forma segura, pr\u00e1tica e econ\u00f3mica com os arm\u00e1rios no cora\u00e7\u00e3o de Madrid. As nossas unidades est\u00e3o localizadas em Chueca ou La Latina. Com a garantia do servi\u00e7o mais bem avaliado pelos clientes. Aberto 24 horas com videovigil\u00e2ncia. Reserve a partir de 6,50\u20ac por dia","breadcrumb":{"@id":"https:\/\/locking.es\/pt-pt\/lockers-madrid\/#breadcrumb"},"inLanguage":"pt-PT","potentialAction":[{"@type":"ReadAction","target":["https:\/\/locking.es\/pt-pt\/lockers-madrid\/"]}]},{"@type":"ImageObject","inLanguage":"pt-PT","@id":"https:\/\/locking.es\/pt-pt\/lockers-madrid\/#primaryimage","url":"https:\/\/locking.es\/wp-content\/uploads\/2025\/07\/bg_madrid_g.jpg","contentUrl":"https:\/\/locking.es\/wp-content\/uploads\/2025\/07\/bg_madrid_g.jpg","width":1920,"height":1001},{"@type":"BreadcrumbList","@id":"https:\/\/locking.es\/pt-pt\/lockers-madrid\/#breadcrumb","itemListElement":[{"@type":"ListItem","position":1,"name":"Portada","item":"https:\/\/locking.es\/pt-pt\/"},{"@type":"ListItem","position":2,"name":"Lockers Madrid"}]},{"@type":"WebSite","@id":"https:\/\/locking.es\/pt-pt\/#website","url":"https:\/\/locking.es\/pt-pt\/","name":"Consignas autom\u00e1ticas Maletas y Equipaje Locking","description":"","publisher":{"@id":"https:\/\/locking.es\/pt-pt\/#organization"},"potentialAction":[{"@type":"SearchAction","target":{"@type":"EntryPoint","urlTemplate":"https:\/\/locking.es\/pt-pt\/?s={search_term_string}"},"query-input":{"@type":"PropertyValueSpecification","valueRequired":true,"valueName":"search_term_string"}}],"inLanguage":"pt-PT"},{"@type":"Organization","@id":"https:\/\/locking.es\/pt-pt\/#organization","name":"Consignas autom\u00e1ticas Maletas y Equipaje Locking","url":"https:\/\/locking.es\/pt-pt\/","logo":{"@type":"ImageObject","inLanguage":"pt-PT","@id":"https:\/\/locking.es\/pt-pt\/#\/schema\/logo\/image\/","url":"https:\/\/locking.es\/wp-content\/uploads\/2024\/09\/logo.png","contentUrl":"https:\/\/locking.es\/wp-content\/uploads\/2024\/09\/logo.png","width":239,"height":91,"caption":"Consignas autom\u00e1ticas Maletas y Equipaje Locking"},"image":{"@id":"https:\/\/locking.es\/pt-pt\/#\/schema\/logo\/image\/"}}]}},"_links":{"self":[{"href":"https:\/\/locking.es\/pt-pt\/wp-json\/wp\/v2\/pages\/33096","targetHints":{"allow":["GET"]}}],"collection":[{"href":"https:\/\/locking.es\/pt-pt\/wp-json\/wp\/v2\/pages"}],"about":[{"href":"https:\/\/locking.es\/pt-pt\/wp-json\/wp\/v2\/types\/page"}],"author":[{"embeddable":true,"href":"https:\/\/locking.es\/pt-pt\/wp-json\/wp\/v2\/users\/1"}],"replies":[{"embeddable":true,"href":"https:\/\/locking.es\/pt-pt\/wp-json\/wp\/v2\/comments?post=33096"}],"version-history":[{"count":28,"href":"https:\/\/locking.es\/pt-pt\/wp-json\/wp\/v2\/pages\/33096\/revisions"}],"predecessor-version":[{"id":34482,"href":"https:\/\/locking.es\/pt-pt\/wp-json\/wp\/v2\/pages\/33096\/revisions\/34482"}],"wp:featuredmedia":[{"embeddable":true,"href":"https:\/\/locking.es\/pt-pt\/wp-json\/wp\/v2\/media\/31225"}],"wp:attachment":[{"href":"https:\/\/locking.es\/pt-pt\/wp-json\/wp\/v2\/media?parent=33096"}],"curies":[{"name":"wp","href":"https:\/\/api.w.org\/{rel}","templated":true}]}}